{"version":"1.0","provider_name":"Federata Shqiptare e Tenisit","provider_url":"https:\/\/albaniantennis.com\/en","author_name":"Klaus Bardeli","author_url":"https:\/\/albaniantennis.com\/en\/author\/klausi\/","title":"Ceremonia hap\u00ebse - DAVIS CUP EUROPE IV 2025 &#8212; Federata Shqiptare e Tenisit","type":"rich","width":600,"height":338,"html":"<blockquote class=\"wp-embedded-content\" data-secret=\"xf3C1Ys3ES\"><a href=\"https:\/\/albaniantennis.com\/en\/ceremonia-hapese-davis-cup-europe-iv-2025\/\">Ceremonia hap\u00ebse &#8211; DAVIS CUP EUROPE IV 2025<\/a><\/blockquote><iframe sandbox=\"allow-scripts\" security=\"restricted\" src=\"https:\/\/albaniantennis.com\/en\/ceremonia-hapese-davis-cup-europe-iv-2025\/embed\/#?secret=xf3C1Ys3ES\" width=\"600\" height=\"338\" title=\"&#8220;Ceremonia hap\u00ebse &#8211; DAVIS CUP EUROPE IV 2025&#8221; &#8212; Federata Shqiptare e Tenisit\" data-secret=\"xf3C1Ys3ES\" frameborder=\"0\" marginwidth=\"0\" marginheight=\"0\" scrolling=\"no\" class=\"wp-embedded-content\"><\/iframe><script>\n\/*! This file is auto-generated *\/\n!function(d,l){\"use strict\";l.querySelector&&d.addEventListener&&\"undefined\"!=typeof URL&&(d.wp=d.wp||{},d.wp.receiveEmbedMessage||(d.wp.receiveEmbedMessage=function(e){var t=e.data;if((t||t.secret||t.message||t.value)&&!\/[^a-zA-Z0-9]\/.test(t.secret)){for(var s,r,n,a=l.querySelectorAll('iframe[data-secret=\"'+t.secret+'\"]'),o=l.querySelectorAll('blockquote[data-secret=\"'+t.secret+'\"]'),c=new RegExp(\"^https?:$\",\"i\"),i=0;i<o.length;i++)o[i].style.display=\"none\";for(i=0;i<a.length;i++)s=a[i],e.source===s.contentWindow&&(s.removeAttribute(\"style\"),\"height\"===t.message?(1e3<(r=parseInt(t.value,10))?r=1e3:~~r<200&&(r=200),s.height=r):\"link\"===t.message&&(r=new URL(s.getAttribute(\"src\")),n=new URL(t.value),c.test(n.protocol))&&n.host===r.host&&l.activeElement===s&&(d.top.location.href=t.value))}},d.addEventListener(\"message\",d.wp.receiveEmbedMessage,!1),l.addEventListener(\"DOMContentLoaded\",function(){for(var e,t,s=l.querySelectorAll(\"iframe.wp-embedded-content\"),r=0;r<s.length;r++)(t=(e=s[r]).getAttribute(\"data-secret\"))||(t=Math.random().toString(36).substring(2,12),e.src+=\"#?secret=\"+t,e.setAttribute(\"data-secret\",t)),e.contentWindow.postMessage({message:\"ready\",secret:t},\"*\")},!1)))}(window,document);\n\/\/# sourceURL=https:\/\/albaniantennis.com\/wp-includes\/js\/wp-embed.min.js\n<\/script>","thumbnail_url":"https:\/\/albaniantennis.com\/wp-content\/uploads\/2025\/07\/504552140_18087780157728189_3013441836445909500_n.jpg","thumbnail_width":1290,"thumbnail_height":1303,"description":"U zhvillua ceremonia hap\u00ebse e Kup\u00ebs s\u00eb Bot\u00ebs n\u00eb Tenis p\u00ebr Meshkuj \u201cDavis Cup &#8211; Europe Group IV 2025\u201d, e cila po mbahet n\u00eb Qendr\u00ebn Komb\u00ebtare t\u00eb Tenisit \u201cNational Sport Park\u201d n\u00eb Tiran\u00eb. N\u00eb k\u00ebt\u00eb veprimtari marrin pjes\u00eb ekipet komb\u00ebtare t\u00eb Azerbajxhanit, Liechtensteinit, Andorr\u00ebs, Kosov\u00ebs, San Marinos, Island\u00ebs dhe Shqip\u00ebris\u00eb. Gjat\u00eb gjith\u00eb k\u00ebsaj jave do t\u00eb zhvillohen ndeshje individuale dhe dyshe nd\u00ebrmjet ekipeve pjes\u00ebmarr\u00ebse. Ekipi komb\u00ebtar shqiptar p\u00ebrb\u00ebhet nga lojtar\u00ebt: Martin Muedini, Mario Zili, Joan Sura, Denis Gaba, dhe kapiten\u00ebt\/trajner\u00ebt P\u00ebrparim Zano dhe Ervin Rota. T\u00eb ftuar n\u00eb ceremonin\u00eb hap\u00ebse ishin figura t\u00eb r\u00ebnd\u00ebsishme t\u00eb sportit dhe politik\u00ebs, nd\u00ebr t\u00eb cil\u00ebt p\u00ebrmendim: Presidentin e Komitetit Olimpik Komb\u00ebtar Shqiptar, z. Fidel Ylli. P\u00ebrfaq\u00ebsuesin e Federat\u00ebs Nd\u00ebrkomb\u00ebtare t\u00eb Tenisit (ITF), z. Javier Moreno Perez. P\u00ebrfaq\u00ebsuesin e Bashkis\u00eb Tiran\u00eb, z. Urim Tresa. Presidentin e Federat\u00ebs Shqiptare t\u00eb Tenisit, z. Ferdinand Sulo. Ceremonia u drejtua nga Drejtori Organizativ i Davis Cup, z. Albi Sulo, dhe Sekretari i P\u00ebrgjithsh\u00ebm i FSHT, z. Klaus Bardeli. T\u00eb gjitha ekipet u paraqit\u00ebn n\u00eb sken\u00eb p\u00ebr nj\u00eb prezantim t\u00eb shkurt\u00ebr, ku secilit prej tyre iu dor\u00ebzua nj\u00eb dhurat\u00eb simbolike nga Shqip\u00ebria, nga ana e drejtorit organizativ. T\u00eb pranish\u00ebm ishin gjithashtu p\u00ebrfaq\u00ebsues dhe gazetar\u00eb t\u00eb mediave, si dhe shum\u00eb dashamir\u00ebs t\u00eb sportit t\u00eb tenisit. \u00a0I urojm\u00eb shum\u00eb fat ekipit ton\u00eb komb\u00ebtar dhe suksese t\u00eb gjith\u00eb ekipeve pjes\u00ebmarr\u00ebse!"}